{"id":1702,"date":"2017-08-09T19:18:00","date_gmt":"2017-08-09T19:18:00","guid":{"rendered":"https:\/\/blog.inofinstitut.com\/blog\/"},"modified":"2022-07-17T20:13:24","modified_gmt":"2022-07-17T20:13:24","slug":"bloc","status":"publish","type":"page","link":"https:\/\/blog.inofinstitut.com\/ca\/","title":{"rendered":"Bloc"},"content":{"rendered":"<div class=\"wpb-content-wrapper\">[vc_row][vc_column]<h2 class=\"vcex-heading vcex-heading-plain vcex-module wpex-heading wpex-text-2xl\"><span class=\"vcex-heading-inner wpex-inline-block\">Articles d'inter\u00e8s<\/span><\/h2>[\/vc_column][\/vc_row][vc_row][vc_column]<style>.vcex-blog-grid-wrap.vcex_6a9969e93a75c .entry-title{font-size:24px;font-weight:600;}<\/style><div class=\"vcex-module vcex-blog-grid-wrap wpex-clr vcex_6a9969e93a75c\"><div class=\"wpex-row vcex-blog-grid wpex-clr entries match-height-grid\"><div class=\"vcex-blog-entry vcex-grid-item entry-has-details span_1_of_2 col-1 col entry post-6130 type-post has-media cat-393 translation_priority-229\"><div class=\"vcex-blog-entry-inner entry-inner wpex-first-mt-0 wpex-last-mb-0 wpex-clr\"><div class=\"vcex-blog-entry-media entry-media wpex-relative\"><a href=\"https:\/\/blog.inofinstitut.com\/ca\/esquitxades-i-lesions-oculars-a-lestiu-els-minuts-que-salven-la-teva-visio\/\" title=\"Esquitxades i lesions oculars a l&#8217;estiu: els minuts que salven la teva visi\u00f3\"><img width=\"900\" height=\"600\" src=\"https:\/\/blog.inofinstitut.com\/wp-content\/uploads\/2026\/07\/salpicadura.png\" class=\"vcex-blog-entry-img wpex-align-middle\" alt=\"\" loading=\"lazy\" decoding=\"async\" srcset=\"https:\/\/blog.inofinstitut.com\/wp-content\/uploads\/2026\/07\/salpicadura.png 900w, https:\/\/blog.inofinstitut.com\/wp-content\/uploads\/2026\/07\/salpicadura-300x200.png 300w, https:\/\/blog.inofinstitut.com\/wp-content\/uploads\/2026\/07\/salpicadura-768x512.png 768w\" sizes=\"auto, (max-width: 900px) 100vw, 900px\" \/><\/a><\/div><div class=\"vcex-blog-entry-details entry-details wpex-bordered wpex-first-mt-0 wpex-last-mb-0 wpex-clr\"><div class=\"match-height-content\"><h2 class=\"vcex-blog-entry-title entry-title wpex-mb-5\"><a href=\"https:\/\/blog.inofinstitut.com\/ca\/esquitxades-i-lesions-oculars-a-lestiu-els-minuts-que-salven-la-teva-visio\/\">Esquitxades i lesions oculars a l&#8217;estiu: els minuts que salven la teva visi\u00f3<\/a><\/h2><div class=\"vcex-blog-entry-excerpt entry-excerpt wpex-my-15 wpex-text-pretty wpex-last-mb-0 wpex-clr\"><p>Les lesions oculars augmenten a l'estiu, i en elles el temps de reacci\u00f3 marca la&hellip;<\/p><\/div><div class=\"vcex-blog-entry-readmore-wrap entry-readmore-wrap wpex-my-15 wpex-clr\"><a href=\"https:\/\/blog.inofinstitut.com\/ca\/esquitxades-i-lesions-oculars-a-lestiu-els-minuts-que-salven-la-teva-visio\/\" class=\"entry-readmore theme-button\" aria-label=\"Llegir m\u00e9s about Esquitxades i lesions oculars a l&#8217;estiu: els minuts que salven la teva visi\u00f3\">Llegir m\u00e9s<\/a><\/div><\/div><\/div><\/div><\/div><div class=\"vcex-blog-entry vcex-grid-item entry-has-details span_1_of_2 col-2 col entry post-6121 type-post has-media cat-384 translation_priority-229\"><div class=\"vcex-blog-entry-inner entry-inner wpex-first-mt-0 wpex-last-mb-0 wpex-clr\"><div class=\"vcex-blog-entry-media entry-media wpex-relative\"><a href=\"https:\/\/blog.inofinstitut.com\/ca\/piscina-mar-i-lents-de-contacte-el-trio-que-els-teus-ulls-no-perdonen\/\" title=\"Piscina, mar i lents de contacte: el trio que els teus ulls no perdonen\"><img width=\"900\" height=\"600\" src=\"https:\/\/blog.inofinstitut.com\/wp-content\/uploads\/2026\/07\/piscina-y-lentillas.png\" class=\"vcex-blog-entry-img wpex-align-middle\" alt=\"\" loading=\"lazy\" decoding=\"async\" srcset=\"https:\/\/blog.inofinstitut.com\/wp-content\/uploads\/2026\/07\/piscina-y-lentillas.png 900w, https:\/\/blog.inofinstitut.com\/wp-content\/uploads\/2026\/07\/piscina-y-lentillas-300x200.png 300w, https:\/\/blog.inofinstitut.com\/wp-content\/uploads\/2026\/07\/piscina-y-lentillas-768x512.png 768w\" sizes=\"auto, (max-width: 900px) 100vw, 900px\" \/><\/a><\/div><div class=\"vcex-blog-entry-details entry-details wpex-bordered wpex-first-mt-0 wpex-last-mb-0 wpex-clr\"><div class=\"match-height-content\"><h2 class=\"vcex-blog-entry-title entry-title wpex-mb-5\"><a href=\"https:\/\/blog.inofinstitut.com\/ca\/piscina-mar-i-lents-de-contacte-el-trio-que-els-teus-ulls-no-perdonen\/\">Piscina, mar i lents de contacte: el trio que els teus ulls no perdonen<\/a><\/h2><div class=\"vcex-blog-entry-excerpt entry-excerpt wpex-my-15 wpex-text-pretty wpex-last-mb-0 wpex-clr\"><p>L'aigua \u00e9s la protagonista de l'estiu, i tamb\u00e9 de bona part de les mol\u00e8sties oculars&hellip;<\/p><\/div><div class=\"vcex-blog-entry-readmore-wrap entry-readmore-wrap wpex-my-15 wpex-clr\"><a href=\"https:\/\/blog.inofinstitut.com\/ca\/piscina-mar-i-lents-de-contacte-el-trio-que-els-teus-ulls-no-perdonen\/\" class=\"entry-readmore theme-button\" aria-label=\"Llegir m\u00e9s about Piscina, mar i lents de contacte: el trio que els teus ulls no perdonen\">Llegir m\u00e9s<\/a><\/div><\/div><\/div><\/div><\/div><div class=\"vcex-blog-entry vcex-grid-item entry-has-details span_1_of_2 col-1 col entry post-6080 type-post has-media cat-384 translation_priority-229\"><div class=\"vcex-blog-entry-inner entry-inner wpex-first-mt-0 wpex-last-mb-0 wpex-clr\"><div class=\"vcex-blog-entry-media entry-media wpex-relative\"><a href=\"https:\/\/blog.inofinstitut.com\/ca\/el-sol-tambe-passa-factura-als-teus-ulls-protegeix-los-aquest-estiu\/\" title=\"El sol tamb\u00e9 passa factura als teus ulls: protegeix-los aquest estiu\"><img width=\"900\" height=\"600\" src=\"https:\/\/blog.inofinstitut.com\/wp-content\/uploads\/2026\/07\/verano-inof.png\" class=\"vcex-blog-entry-img wpex-align-middle\" alt=\"\" loading=\"lazy\" decoding=\"async\" srcset=\"https:\/\/blog.inofinstitut.com\/wp-content\/uploads\/2026\/07\/verano-inof.png 900w, https:\/\/blog.inofinstitut.com\/wp-content\/uploads\/2026\/07\/verano-inof-300x200.png 300w, https:\/\/blog.inofinstitut.com\/wp-content\/uploads\/2026\/07\/verano-inof-768x512.png 768w\" sizes=\"auto, (max-width: 900px) 100vw, 900px\" \/><\/a><\/div><div class=\"vcex-blog-entry-details entry-details wpex-bordered wpex-first-mt-0 wpex-last-mb-0 wpex-clr\"><div class=\"match-height-content\"><h2 class=\"vcex-blog-entry-title entry-title wpex-mb-5\"><a href=\"https:\/\/blog.inofinstitut.com\/ca\/el-sol-tambe-passa-factura-als-teus-ulls-protegeix-los-aquest-estiu\/\">El sol tamb\u00e9 passa factura als teus ulls: protegeix-los aquest estiu<\/a><\/h2><div class=\"vcex-blog-entry-excerpt entry-excerpt wpex-my-15 wpex-text-pretty wpex-last-mb-0 wpex-clr\"><p>A l'estiu solem recordar-nos de protegir la pell, per\u00f2 els ulls tamb\u00e9 sofreixen \u2014 i&hellip;<\/p><\/div><div class=\"vcex-blog-entry-readmore-wrap entry-readmore-wrap wpex-my-15 wpex-clr\"><a href=\"https:\/\/blog.inofinstitut.com\/ca\/el-sol-tambe-passa-factura-als-teus-ulls-protegeix-los-aquest-estiu\/\" class=\"entry-readmore theme-button\" aria-label=\"Llegir m\u00e9s about El sol tamb\u00e9 passa factura als teus ulls: protegeix-los aquest estiu\">Llegir m\u00e9s<\/a><\/div><\/div><\/div><\/div><\/div><div class=\"vcex-blog-entry vcex-grid-item entry-has-details span_1_of_2 col-2 col entry post-6059 type-post has-media cat-380 translation_priority-229\"><div class=\"vcex-blog-entry-inner entry-inner wpex-first-mt-0 wpex-last-mb-0 wpex-clr\"><div class=\"vcex-blog-entry-media entry-media wpex-relative\"><a href=\"https:\/\/blog.inofinstitut.com\/ca\/la-millor-recepta-contra-la-miopia-infantil-aquest-estiu-jugar-a-laire-lliure\/\" title=\"La millor recepta contra la miopia infantil aquest estiu: jugar a l&#8217;aire lliure\"><img width=\"900\" height=\"600\" src=\"https:\/\/blog.inofinstitut.com\/wp-content\/uploads\/2026\/07\/miopia-infantil-2.png\" class=\"vcex-blog-entry-img wpex-align-middle\" alt=\"\" loading=\"lazy\" decoding=\"async\" srcset=\"https:\/\/blog.inofinstitut.com\/wp-content\/uploads\/2026\/07\/miopia-infantil-2.png 900w, https:\/\/blog.inofinstitut.com\/wp-content\/uploads\/2026\/07\/miopia-infantil-2-300x200.png 300w, https:\/\/blog.inofinstitut.com\/wp-content\/uploads\/2026\/07\/miopia-infantil-2-768x512.png 768w\" sizes=\"auto, (max-width: 900px) 100vw, 900px\" \/><\/a><\/div><div class=\"vcex-blog-entry-details entry-details wpex-bordered wpex-first-mt-0 wpex-last-mb-0 wpex-clr\"><div class=\"match-height-content\"><h2 class=\"vcex-blog-entry-title entry-title wpex-mb-5\"><a href=\"https:\/\/blog.inofinstitut.com\/ca\/la-millor-recepta-contra-la-miopia-infantil-aquest-estiu-jugar-a-laire-lliure\/\">La millor recepta contra la miopia infantil aquest estiu: jugar a l&#8217;aire lliure<\/a><\/h2><div class=\"vcex-blog-entry-excerpt entry-excerpt wpex-my-15 wpex-text-pretty wpex-last-mb-0 wpex-clr\"><p>La miopia avan\u00e7a a tot el m\u00f3n a un ritme que preocupa els oftalm\u00f2legs: s'estima&hellip;<\/p><\/div><div class=\"vcex-blog-entry-readmore-wrap entry-readmore-wrap wpex-my-15 wpex-clr\"><a href=\"https:\/\/blog.inofinstitut.com\/ca\/la-millor-recepta-contra-la-miopia-infantil-aquest-estiu-jugar-a-laire-lliure\/\" class=\"entry-readmore theme-button\" aria-label=\"Llegir m\u00e9s about La millor recepta contra la miopia infantil aquest estiu: jugar a l&#8217;aire lliure\">Llegir m\u00e9s<\/a><\/div><\/div><\/div><\/div><\/div><div class=\"vcex-blog-entry vcex-grid-item entry-has-details span_1_of_2 col-1 col entry post-6045 type-post has-media cat-377 translation_priority-229\"><div class=\"vcex-blog-entry-inner entry-inner wpex-first-mt-0 wpex-last-mb-0 wpex-clr\"><div class=\"vcex-blog-entry-media entry-media wpex-relative\"><a href=\"https:\/\/blog.inofinstitut.com\/ca\/fatiga-visual-digital-per-que-no-necessites-ulleres-de-llum-blava-i-que-funciona-de-veritat\/\" title=\"Fatiga visual digital: per qu\u00e8 no necessites ulleres de llum blava (i qu\u00e8 funciona de veritat)\"><img width=\"900\" height=\"600\" src=\"https:\/\/blog.inofinstitut.com\/wp-content\/uploads\/2026\/07\/fatiga-visual-digital.png\" class=\"vcex-blog-entry-img wpex-align-middle\" alt=\"\" loading=\"lazy\" decoding=\"async\" srcset=\"https:\/\/blog.inofinstitut.com\/wp-content\/uploads\/2026\/07\/fatiga-visual-digital.png 900w, https:\/\/blog.inofinstitut.com\/wp-content\/uploads\/2026\/07\/fatiga-visual-digital-300x200.png 300w, https:\/\/blog.inofinstitut.com\/wp-content\/uploads\/2026\/07\/fatiga-visual-digital-768x512.png 768w\" sizes=\"auto, (max-width: 900px) 100vw, 900px\" \/><\/a><\/div><div class=\"vcex-blog-entry-details entry-details wpex-bordered wpex-first-mt-0 wpex-last-mb-0 wpex-clr\"><div class=\"match-height-content\"><h2 class=\"vcex-blog-entry-title entry-title wpex-mb-5\"><a href=\"https:\/\/blog.inofinstitut.com\/ca\/fatiga-visual-digital-per-que-no-necessites-ulleres-de-llum-blava-i-que-funciona-de-veritat\/\">Fatiga visual digital: per qu\u00e8 no necessites ulleres de llum blava (i qu\u00e8 funciona de veritat)<\/a><\/h2><div class=\"vcex-blog-entry-excerpt entry-excerpt wpex-my-15 wpex-text-pretty wpex-last-mb-0 wpex-clr\"><p>Passem una mitjana de m\u00e9s de set hores di\u00e0ries enfront de pantalles, i en vacances&hellip;<\/p><\/div><div class=\"vcex-blog-entry-readmore-wrap entry-readmore-wrap wpex-my-15 wpex-clr\"><a href=\"https:\/\/blog.inofinstitut.com\/ca\/fatiga-visual-digital-per-que-no-necessites-ulleres-de-llum-blava-i-que-funciona-de-veritat\/\" class=\"entry-readmore theme-button\" aria-label=\"Llegir m\u00e9s about Fatiga visual digital: per qu\u00e8 no necessites ulleres de llum blava (i qu\u00e8 funciona de veritat)\">Llegir m\u00e9s<\/a><\/div><\/div><\/div><\/div><\/div><div class=\"vcex-blog-entry vcex-grid-item entry-has-details span_1_of_2 col-2 col entry post-6033 type-post has-media cat-76 translation_priority-229\"><div class=\"vcex-blog-entry-inner entry-inner wpex-first-mt-0 wpex-last-mb-0 wpex-clr\"><div class=\"vcex-blog-entry-media entry-media wpex-relative\"><a href=\"https:\/\/blog.inofinstitut.com\/ca\/sol-piscines-i-aire-condicionat-guia-inof-per-a-protegir-els-teus-ulls-aquest-estiu\/\" title=\"Sol, piscines i aire condicionat: guia INOF per a protegir els teus ulls aquest estiu\"><img width=\"900\" height=\"600\" src=\"https:\/\/blog.inofinstitut.com\/wp-content\/uploads\/2026\/07\/ojos-verano.png\" class=\"vcex-blog-entry-img wpex-align-middle\" alt=\"\" loading=\"lazy\" decoding=\"async\" srcset=\"https:\/\/blog.inofinstitut.com\/wp-content\/uploads\/2026\/07\/ojos-verano.png 900w, https:\/\/blog.inofinstitut.com\/wp-content\/uploads\/2026\/07\/ojos-verano-300x200.png 300w, https:\/\/blog.inofinstitut.com\/wp-content\/uploads\/2026\/07\/ojos-verano-768x512.png 768w\" sizes=\"auto, (max-width: 900px) 100vw, 900px\" \/><\/a><\/div><div class=\"vcex-blog-entry-details entry-details wpex-bordered wpex-first-mt-0 wpex-last-mb-0 wpex-clr\"><div class=\"match-height-content\"><h2 class=\"vcex-blog-entry-title entry-title wpex-mb-5\"><a href=\"https:\/\/blog.inofinstitut.com\/ca\/sol-piscines-i-aire-condicionat-guia-inof-per-a-protegir-els-teus-ulls-aquest-estiu\/\">Sol, piscines i aire condicionat: guia INOF per a protegir els teus ulls aquest estiu<\/a><\/h2><div class=\"vcex-blog-entry-excerpt entry-excerpt wpex-my-15 wpex-text-pretty wpex-last-mb-0 wpex-clr\"><p>L'estiu \u00e9s l'\u00e8poca de l'any en la qual m\u00e9s maltractem els nostres ulls sense adonar-nos&hellip;<\/p><\/div><div class=\"vcex-blog-entry-readmore-wrap entry-readmore-wrap wpex-my-15 wpex-clr\"><a href=\"https:\/\/blog.inofinstitut.com\/ca\/sol-piscines-i-aire-condicionat-guia-inof-per-a-protegir-els-teus-ulls-aquest-estiu\/\" class=\"entry-readmore theme-button\" aria-label=\"Llegir m\u00e9s about Sol, piscines i aire condicionat: guia INOF per a protegir els teus ulls aquest estiu\">Llegir m\u00e9s<\/a><\/div><\/div><\/div><\/div><\/div><div class=\"vcex-blog-entry vcex-grid-item entry-has-details span_1_of_2 col-1 col entry post-6003 type-post has-media cat-384 translation_priority-229\"><div class=\"vcex-blog-entry-inner entry-inner wpex-first-mt-0 wpex-last-mb-0 wpex-clr\"><div class=\"vcex-blog-entry-media entry-media wpex-relative\"><a href=\"https:\/\/blog.inofinstitut.com\/ca\/tornada-al-colle-amb-bona-vista-la-revisio-visual-infantil-que-marca-la-diferencia\/\" title=\"Tornada al col\u00b7le amb bona vista: la revisi\u00f3 visual infantil que marca la difer\u00e8ncia\"><img width=\"900\" height=\"600\" src=\"https:\/\/blog.inofinstitut.com\/wp-content\/uploads\/2026\/06\/revision-infantil.png\" class=\"vcex-blog-entry-img wpex-align-middle\" alt=\"\" loading=\"lazy\" decoding=\"async\" srcset=\"https:\/\/blog.inofinstitut.com\/wp-content\/uploads\/2026\/06\/revision-infantil.png 900w, https:\/\/blog.inofinstitut.com\/wp-content\/uploads\/2026\/06\/revision-infantil-300x200.png 300w, https:\/\/blog.inofinstitut.com\/wp-content\/uploads\/2026\/06\/revision-infantil-768x512.png 768w\" sizes=\"auto, (max-width: 900px) 100vw, 900px\" \/><\/a><\/div><div class=\"vcex-blog-entry-details entry-details wpex-bordered wpex-first-mt-0 wpex-last-mb-0 wpex-clr\"><div class=\"match-height-content\"><h2 class=\"vcex-blog-entry-title entry-title wpex-mb-5\"><a href=\"https:\/\/blog.inofinstitut.com\/ca\/tornada-al-colle-amb-bona-vista-la-revisio-visual-infantil-que-marca-la-diferencia\/\">Tornada al col\u00b7le amb bona vista: la revisi\u00f3 visual infantil que marca la difer\u00e8ncia<\/a><\/h2><div class=\"vcex-blog-entry-excerpt entry-excerpt wpex-my-15 wpex-text-pretty wpex-last-mb-0 wpex-clr\"><p>Gran part de l'aprenentatge d'un nen dep\u00e8n de la seva visi\u00f3. No obstant aix\u00f2, els&hellip;<\/p><\/div><div class=\"vcex-blog-entry-readmore-wrap entry-readmore-wrap wpex-my-15 wpex-clr\"><a href=\"https:\/\/blog.inofinstitut.com\/ca\/tornada-al-colle-amb-bona-vista-la-revisio-visual-infantil-que-marca-la-diferencia\/\" class=\"entry-readmore theme-button\" aria-label=\"Llegir m\u00e9s about Tornada al col\u00b7le amb bona vista: la revisi\u00f3 visual infantil que marca la difer\u00e8ncia\">Llegir m\u00e9s<\/a><\/div><\/div><\/div><\/div><\/div><div class=\"vcex-blog-entry vcex-grid-item entry-has-details span_1_of_2 col-2 col entry post-5992 type-post has-media cat-377 translation_priority-229\"><div class=\"vcex-blog-entry-inner entry-inner wpex-first-mt-0 wpex-last-mb-0 wpex-clr\"><div class=\"vcex-blog-entry-media entry-media wpex-relative\"><a href=\"https:\/\/blog.inofinstitut.com\/ca\/la-salut-dels-teus-ulls-no-avisa-revisat-a-temps\/\" title=\"La salut dels teus ulls no avisa: revisa&#8217;t a temps\"><img width=\"900\" height=\"600\" src=\"https:\/\/blog.inofinstitut.com\/wp-content\/uploads\/2026\/06\/salud-de-tus-ojos.png\" class=\"vcex-blog-entry-img wpex-align-middle\" alt=\"\" loading=\"lazy\" decoding=\"async\" srcset=\"https:\/\/blog.inofinstitut.com\/wp-content\/uploads\/2026\/06\/salud-de-tus-ojos.png 900w, https:\/\/blog.inofinstitut.com\/wp-content\/uploads\/2026\/06\/salud-de-tus-ojos-300x200.png 300w, https:\/\/blog.inofinstitut.com\/wp-content\/uploads\/2026\/06\/salud-de-tus-ojos-768x512.png 768w\" sizes=\"auto, (max-width: 900px) 100vw, 900px\" \/><\/a><\/div><div class=\"vcex-blog-entry-details entry-details wpex-bordered wpex-first-mt-0 wpex-last-mb-0 wpex-clr\"><div class=\"match-height-content\"><h2 class=\"vcex-blog-entry-title entry-title wpex-mb-5\"><a href=\"https:\/\/blog.inofinstitut.com\/ca\/la-salut-dels-teus-ulls-no-avisa-revisat-a-temps\/\">La salut dels teus ulls no avisa: revisa&#8217;t a temps<\/a><\/h2><div class=\"vcex-blog-entry-excerpt entry-excerpt wpex-my-15 wpex-text-pretty wpex-last-mb-0 wpex-clr\"><p>El glaucoma, la degeneraci\u00f3 macular associada a l'edat (DMAE) o la retinopatia diab\u00e8tica tenen alguna&hellip;<\/p><\/div><div class=\"vcex-blog-entry-readmore-wrap entry-readmore-wrap wpex-my-15 wpex-clr\"><a href=\"https:\/\/blog.inofinstitut.com\/ca\/la-salut-dels-teus-ulls-no-avisa-revisat-a-temps\/\" class=\"entry-readmore theme-button\" aria-label=\"Llegir m\u00e9s about La salut dels teus ulls no avisa: revisa&#8217;t a temps\">Llegir m\u00e9s<\/a><\/div><\/div><\/div><\/div><\/div><div class=\"vcex-blog-entry vcex-grid-item entry-has-details span_1_of_2 col-1 col entry post-5975 type-post has-media cat-388 translation_priority-229\"><div class=\"vcex-blog-entry-inner entry-inner wpex-first-mt-0 wpex-last-mb-0 wpex-clr\"><div class=\"vcex-blog-entry-media entry-media wpex-relative\"><a href=\"https:\/\/blog.inofinstitut.com\/ca\/degeneracio-macular-detectar-la-a-temps\/\" title=\"Degeneraci\u00f3 macular (DMAE): detectar-la a temps pot salvar la teva visi\u00f3\"><img width=\"900\" height=\"600\" src=\"https:\/\/blog.inofinstitut.com\/wp-content\/uploads\/2026\/06\/degeneracion-macular.png\" class=\"vcex-blog-entry-img wpex-align-middle\" alt=\"\" loading=\"lazy\" decoding=\"async\" srcset=\"https:\/\/blog.inofinstitut.com\/wp-content\/uploads\/2026\/06\/degeneracion-macular.png 900w, https:\/\/blog.inofinstitut.com\/wp-content\/uploads\/2026\/06\/degeneracion-macular-300x200.png 300w, https:\/\/blog.inofinstitut.com\/wp-content\/uploads\/2026\/06\/degeneracion-macular-768x512.png 768w\" sizes=\"auto, (max-width: 900px) 100vw, 900px\" \/><\/a><\/div><div class=\"vcex-blog-entry-details entry-details wpex-bordered wpex-first-mt-0 wpex-last-mb-0 wpex-clr\"><div class=\"match-height-content\"><h2 class=\"vcex-blog-entry-title entry-title wpex-mb-5\"><a href=\"https:\/\/blog.inofinstitut.com\/ca\/degeneracio-macular-detectar-la-a-temps\/\">Degeneraci\u00f3 macular (DMAE): detectar-la a temps pot salvar la teva visi\u00f3<\/a><\/h2><div class=\"vcex-blog-entry-excerpt entry-excerpt wpex-my-15 wpex-text-pretty wpex-last-mb-0 wpex-clr\"><p>La degeneraci\u00f3 macular associada a l'edat (DMAE) \u00e9s la principal causa de p\u00e8rdua de visi\u00f3&hellip;<\/p><\/div><div class=\"vcex-blog-entry-readmore-wrap entry-readmore-wrap wpex-my-15 wpex-clr\"><a href=\"https:\/\/blog.inofinstitut.com\/ca\/degeneracio-macular-detectar-la-a-temps\/\" class=\"entry-readmore theme-button\" aria-label=\"Llegir m\u00e9s about Degeneraci\u00f3 macular (DMAE): detectar-la a temps pot salvar la teva visi\u00f3\">Llegir m\u00e9s<\/a><\/div><\/div><\/div><\/div><\/div><div class=\"vcex-blog-entry vcex-grid-item entry-has-details span_1_of_2 col-2 col entry post-5965 type-post has-media cat-393 translation_priority-229\"><div class=\"vcex-blog-entry-inner entry-inner wpex-first-mt-0 wpex-last-mb-0 wpex-clr\"><div class=\"vcex-blog-entry-media entry-media wpex-relative\"><a href=\"https:\/\/blog.inofinstitut.com\/ca\/una-foto-del-fons-de-lull-i-la-intelligencia-artificial\/\" title=\"Una foto del fons de l&#8217;ull i la intel\u00b7lig\u00e8ncia artificial: aix\u00ed s&#8217;avan\u00e7a el diagn\u00f2stic\"><img width=\"900\" height=\"600\" src=\"https:\/\/blog.inofinstitut.com\/wp-content\/uploads\/2026\/06\/foto-del-ojo.png\" class=\"vcex-blog-entry-img wpex-align-middle\" alt=\"\" loading=\"lazy\" decoding=\"async\" srcset=\"https:\/\/blog.inofinstitut.com\/wp-content\/uploads\/2026\/06\/foto-del-ojo.png 900w, https:\/\/blog.inofinstitut.com\/wp-content\/uploads\/2026\/06\/foto-del-ojo-300x200.png 300w, https:\/\/blog.inofinstitut.com\/wp-content\/uploads\/2026\/06\/foto-del-ojo-768x512.png 768w\" sizes=\"auto, (max-width: 900px) 100vw, 900px\" \/><\/a><\/div><div class=\"vcex-blog-entry-details entry-details wpex-bordered wpex-first-mt-0 wpex-last-mb-0 wpex-clr\"><div class=\"match-height-content\"><h2 class=\"vcex-blog-entry-title entry-title wpex-mb-5\"><a href=\"https:\/\/blog.inofinstitut.com\/ca\/una-foto-del-fons-de-lull-i-la-intelligencia-artificial\/\">Una foto del fons de l&#8217;ull i la intel\u00b7lig\u00e8ncia artificial: aix\u00ed s&#8217;avan\u00e7a el diagn\u00f2stic<\/a><\/h2><div class=\"vcex-blog-entry-excerpt entry-excerpt wpex-my-15 wpex-text-pretty wpex-last-mb-0 wpex-clr\"><p>L'ull \u00e9s una de les poques parts del cos on es poden veure en directe&hellip;<\/p><\/div><div class=\"vcex-blog-entry-readmore-wrap entry-readmore-wrap wpex-my-15 wpex-clr\"><a href=\"https:\/\/blog.inofinstitut.com\/ca\/una-foto-del-fons-de-lull-i-la-intelligencia-artificial\/\" class=\"entry-readmore theme-button\" aria-label=\"Llegir m\u00e9s about Una foto del fons de l&#8217;ull i la intel\u00b7lig\u00e8ncia artificial: aix\u00ed s&#8217;avan\u00e7a el diagn\u00f2stic\">Llegir m\u00e9s<\/a><\/div><\/div><\/div><\/div><\/div><\/div><div class=\"wpex-pagination wpex-clear wpex-mt-30\"><ul class='page-numbers'>\n\t<li><span aria-current=\"page\" class=\"page-numbers current\"><span class=\"screen-reader-text\">Page <\/span>1<\/span><\/li>\n\t<li><a class=\"page-numbers\" href=\"https:\/\/blog.inofinstitut.com\/ca\/wp-json\/wp\/v2\/pages\/1702\/page\/2\/\"><span class=\"screen-reader-text\">Page <\/span>2<\/a><\/li>\n\t<li><a class=\"page-numbers\" href=\"https:\/\/blog.inofinstitut.com\/ca\/wp-json\/wp\/v2\/pages\/1702\/page\/3\/\"><span class=\"screen-reader-text\">Page <\/span>3<\/a><\/li>\n\t<li><a class=\"page-numbers\" href=\"https:\/\/blog.inofinstitut.com\/ca\/wp-json\/wp\/v2\/pages\/1702\/page\/4\/\"><span class=\"screen-reader-text\">Page <\/span>4<\/a><\/li>\n\t<li><a class=\"page-numbers\" href=\"https:\/\/blog.inofinstitut.com\/ca\/wp-json\/wp\/v2\/pages\/1702\/page\/5\/\"><span class=\"screen-reader-text\">Page <\/span>5<\/a><\/li>\n\t<li><a class=\"next page-numbers\" href=\"https:\/\/blog.inofinstitut.com\/ca\/wp-json\/wp\/v2\/pages\/1702\/page\/2\/\"><span class=\"page-numbers-icon wpex-icon wpex-icon--xs wpex-icon--bidi\" aria-hidden=\"true\"><svg xmlns=\"http:\/\/www.w3.org\/2000\/svg\" viewBox=\"0 0 320 512\"><path d=\"M278.6 233.4c12.5 12.5 12.5 32.8 0 45.3l-160 160c-12.5 12.5-32.8 12.5-45.3 0s-12.5-32.8 0-45.3L210.7 256 73.4 118.6c-12.5-12.5-12.5-32.8 0-45.3s32.8-12.5 45.3 0l160 160z\"\/><\/svg><\/span><span class=\"screen-reader-text\">Seg\u00fcent<\/span><\/a><\/li>\n<\/ul>\n<\/div><\/div>[\/vc_column][\/vc_row]\n<\/div>","protected":false},"excerpt":{"rendered":"<p>[vc_row][vc_column][\/vc_column][\/vc_row][vc_row][vc_column][\/vc_column][\/vc_row]<\/p>\n","protected":false},"author":6,"featured_media":0,"parent":0,"menu_order":0,"comment_status":"closed","ping_status":"closed","template":"","meta":{"_joinchat":[],"footnotes":""},"class_list":["post-1702","page","type-page","status-publish","hentry","entry","has-media"],"yoast_head":"<!-- This site is optimized with the Yoast SEO plugin v26.8 - https:\/\/yoast.com\/product\/yoast-seo-wordpress\/ -->\n<title>Bloc - Inof | Centro de investigaci\u00f3n y cirug\u00eda ocular<\/title>\n<meta name=\"description\" content=\"Bloc de l&#039;Institut INOF de la Dra. Fdez-Agrafojo. Not\u00edcies d&#039;inter\u00e8s, recomanacions, consells i m\u00e9s informaci\u00f3 d&#039;utilitat oftalmol\u00f2gica\" \/>\n<meta name=\"robots\" content=\"index, follow, max-snippet:-1, max-image-preview:large, max-video-preview:-1\" \/>\n<link rel=\"canonical\" href=\"https:\/\/blog.inofinstitut.com\/ca\/\" \/>\n<meta property=\"og:locale\" content=\"ca_ES\" \/>\n<meta property=\"og:type\" content=\"article\" \/>\n<meta property=\"og:title\" content=\"Bloc - Inof | Centro de investigaci\u00f3n y cirug\u00eda ocular\" \/>\n<meta property=\"og:description\" content=\"Bloc de l&#039;Institut INOF de la Dra. Fdez-Agrafojo. Not\u00edcies d&#039;inter\u00e8s, recomanacions, consells i m\u00e9s informaci\u00f3 d&#039;utilitat oftalmol\u00f2gica\" \/>\n<meta property=\"og:url\" content=\"https:\/\/blog.inofinstitut.com\/ca\/\" \/>\n<meta property=\"og:site_name\" content=\"Inof | Centro de investigaci\u00f3n y cirug\u00eda ocular\" \/>\n<meta property=\"article:publisher\" content=\"https:\/\/www.facebook.com\/OftalmologiaINOF\/\" \/>\n<meta property=\"article:modified_time\" content=\"2022-07-17T20:13:24+00:00\" \/>\n<meta name=\"twitter:card\" content=\"summary_large_image\" \/>\n<script type=\"application\/ld+json\" class=\"yoast-schema-graph\">{\"@context\":\"https:\/\/schema.org\",\"@graph\":[{\"@type\":\"WebPage\",\"@id\":\"https:\/\/blog.inofinstitut.com\/ca\/\",\"url\":\"https:\/\/blog.inofinstitut.com\/ca\/\",\"name\":\"Bloc - Inof | Centro de investigaci\u00f3n y cirug\u00eda ocular\",\"isPartOf\":{\"@id\":\"https:\/\/blog.inofinstitut.com\/ca\/#website\"},\"datePublished\":\"2017-08-09T19:18:00+00:00\",\"dateModified\":\"2022-07-17T20:13:24+00:00\",\"description\":\"Bloc de l'Institut INOF de la Dra. Fdez-Agrafojo. Not\u00edcies d'inter\u00e8s, recomanacions, consells i m\u00e9s informaci\u00f3 d'utilitat oftalmol\u00f2gica\",\"breadcrumb\":{\"@id\":\"https:\/\/blog.inofinstitut.com\/ca\/#breadcrumb\"},\"inLanguage\":\"ca\",\"potentialAction\":[{\"@type\":\"ReadAction\",\"target\":[\"https:\/\/blog.inofinstitut.com\/ca\/\"]}]},{\"@type\":\"BreadcrumbList\",\"@id\":\"https:\/\/blog.inofinstitut.com\/ca\/#breadcrumb\",\"itemListElement\":[{\"@type\":\"ListItem\",\"position\":1,\"name\":\"Portada\",\"item\":\"https:\/\/blog.inofinstitut.com\/ca\/bloc\/\"},{\"@type\":\"ListItem\",\"position\":2,\"name\":\"Bloc\"}]},{\"@type\":\"WebSite\",\"@id\":\"https:\/\/blog.inofinstitut.com\/ca\/#website\",\"url\":\"https:\/\/blog.inofinstitut.com\/ca\/\",\"name\":\"Centro Inof | Dra. Fdez-Agrafojo\",\"description\":\"Especialistas en estrabismo y oftalmolog\u00eda infantil\",\"publisher\":{\"@id\":\"https:\/\/blog.inofinstitut.com\/ca\/#organization\"},\"potentialAction\":[{\"@type\":\"SearchAction\",\"target\":{\"@type\":\"EntryPoint\",\"urlTemplate\":\"https:\/\/blog.inofinstitut.com\/ca\/?s={search_term_string}\"},\"query-input\":{\"@type\":\"PropertyValueSpecification\",\"valueRequired\":true,\"valueName\":\"search_term_string\"}}],\"inLanguage\":\"ca\"},{\"@type\":\"Organization\",\"@id\":\"https:\/\/blog.inofinstitut.com\/ca\/#organization\",\"name\":\"Centro INOF de la Dra. Fdez-Agrafojo\",\"url\":\"https:\/\/blog.inofinstitut.com\/ca\/\",\"logo\":{\"@type\":\"ImageObject\",\"inLanguage\":\"ca\",\"@id\":\"https:\/\/blog.inofinstitut.com\/ca\/#\/schema\/logo\/image\/\",\"url\":\"https:\/\/blog.inofinstitut.com\/wp-content\/uploads\/2018\/10\/logo-agrafojo.png\",\"contentUrl\":\"https:\/\/blog.inofinstitut.com\/wp-content\/uploads\/2018\/10\/logo-agrafojo.png\",\"width\":721,\"height\":332,\"caption\":\"Centro INOF de la Dra. Fdez-Agrafojo\"},\"image\":{\"@id\":\"https:\/\/blog.inofinstitut.com\/ca\/#\/schema\/logo\/image\/\"},\"sameAs\":[\"https:\/\/www.facebook.com\/OftalmologiaINOF\/\",\"https:\/\/www.instagram.com\/inof_agrafojo\/\",\"https:\/\/www.linkedin.com\/in\/dora-fern\u00e1ndez-agrafojo\/?ppe=1\",\"https:\/\/www.youtube.com\/channel\/UCOK86vawyDB209S0-i8dFDg\/playlists\"]}]}<\/script>\n<!-- \/ Yoast SEO plugin. -->","yoast_head_json":{"title":"Bloc - Inof | Centro de investigaci\u00f3n y cirug\u00eda ocular","description":"Bloc de l'Institut INOF de la Dra. Fdez-Agrafojo. Not\u00edcies d'inter\u00e8s, recomanacions, consells i m\u00e9s informaci\u00f3 d'utilitat oftalmol\u00f2gica","robots":{"index":"index","follow":"follow","max-snippet":"max-snippet:-1","max-image-preview":"max-image-preview:large","max-video-preview":"max-video-preview:-1"},"canonical":"https:\/\/blog.inofinstitut.com\/ca\/","og_locale":"ca_ES","og_type":"article","og_title":"Bloc - Inof | Centro de investigaci\u00f3n y cirug\u00eda ocular","og_description":"Bloc de l'Institut INOF de la Dra. Fdez-Agrafojo. Not\u00edcies d'inter\u00e8s, recomanacions, consells i m\u00e9s informaci\u00f3 d'utilitat oftalmol\u00f2gica","og_url":"https:\/\/blog.inofinstitut.com\/ca\/","og_site_name":"Inof | Centro de investigaci\u00f3n y cirug\u00eda ocular","article_publisher":"https:\/\/www.facebook.com\/OftalmologiaINOF\/","article_modified_time":"2022-07-17T20:13:24+00:00","twitter_card":"summary_large_image","schema":{"@context":"https:\/\/schema.org","@graph":[{"@type":"WebPage","@id":"https:\/\/blog.inofinstitut.com\/ca\/","url":"https:\/\/blog.inofinstitut.com\/ca\/","name":"Bloc - Inof | Centro de investigaci\u00f3n y cirug\u00eda ocular","isPartOf":{"@id":"https:\/\/blog.inofinstitut.com\/ca\/#website"},"datePublished":"2017-08-09T19:18:00+00:00","dateModified":"2022-07-17T20:13:24+00:00","description":"Bloc de l'Institut INOF de la Dra. Fdez-Agrafojo. Not\u00edcies d'inter\u00e8s, recomanacions, consells i m\u00e9s informaci\u00f3 d'utilitat oftalmol\u00f2gica","breadcrumb":{"@id":"https:\/\/blog.inofinstitut.com\/ca\/#breadcrumb"},"inLanguage":"ca","potentialAction":[{"@type":"ReadAction","target":["https:\/\/blog.inofinstitut.com\/ca\/"]}]},{"@type":"BreadcrumbList","@id":"https:\/\/blog.inofinstitut.com\/ca\/#breadcrumb","itemListElement":[{"@type":"ListItem","position":1,"name":"Portada","item":"https:\/\/blog.inofinstitut.com\/ca\/bloc\/"},{"@type":"ListItem","position":2,"name":"Bloc"}]},{"@type":"WebSite","@id":"https:\/\/blog.inofinstitut.com\/ca\/#website","url":"https:\/\/blog.inofinstitut.com\/ca\/","name":"Centro Inof | Dra. Fdez-Agrafojo","description":"Especialistas en estrabismo y oftalmolog\u00eda infantil","publisher":{"@id":"https:\/\/blog.inofinstitut.com\/ca\/#organization"},"potentialAction":[{"@type":"SearchAction","target":{"@type":"EntryPoint","urlTemplate":"https:\/\/blog.inofinstitut.com\/ca\/?s={search_term_string}"},"query-input":{"@type":"PropertyValueSpecification","valueRequired":true,"valueName":"search_term_string"}}],"inLanguage":"ca"},{"@type":"Organization","@id":"https:\/\/blog.inofinstitut.com\/ca\/#organization","name":"Centro INOF de la Dra. Fdez-Agrafojo","url":"https:\/\/blog.inofinstitut.com\/ca\/","logo":{"@type":"ImageObject","inLanguage":"ca","@id":"https:\/\/blog.inofinstitut.com\/ca\/#\/schema\/logo\/image\/","url":"https:\/\/blog.inofinstitut.com\/wp-content\/uploads\/2018\/10\/logo-agrafojo.png","contentUrl":"https:\/\/blog.inofinstitut.com\/wp-content\/uploads\/2018\/10\/logo-agrafojo.png","width":721,"height":332,"caption":"Centro INOF de la Dra. Fdez-Agrafojo"},"image":{"@id":"https:\/\/blog.inofinstitut.com\/ca\/#\/schema\/logo\/image\/"},"sameAs":["https:\/\/www.facebook.com\/OftalmologiaINOF\/","https:\/\/www.instagram.com\/inof_agrafojo\/","https:\/\/www.linkedin.com\/in\/dora-fern\u00e1ndez-agrafojo\/?ppe=1","https:\/\/www.youtube.com\/channel\/UCOK86vawyDB209S0-i8dFDg\/playlists"]}]}},"_links":{"self":[{"href":"https:\/\/blog.inofinstitut.com\/ca\/wp-json\/wp\/v2\/pages\/1702","targetHints":{"allow":["GET"]}}],"collection":[{"href":"https:\/\/blog.inofinstitut.com\/ca\/wp-json\/wp\/v2\/pages"}],"about":[{"href":"https:\/\/blog.inofinstitut.com\/ca\/wp-json\/wp\/v2\/types\/page"}],"author":[{"embeddable":true,"href":"https:\/\/blog.inofinstitut.com\/ca\/wp-json\/wp\/v2\/users\/6"}],"replies":[{"embeddable":true,"href":"https:\/\/blog.inofinstitut.com\/ca\/wp-json\/wp\/v2\/comments?post=1702"}],"version-history":[{"count":5,"href":"https:\/\/blog.inofinstitut.com\/ca\/wp-json\/wp\/v2\/pages\/1702\/revisions"}],"predecessor-version":[{"id":4086,"href":"https:\/\/blog.inofinstitut.com\/ca\/wp-json\/wp\/v2\/pages\/1702\/revisions\/4086"}],"wp:attachment":[{"href":"https:\/\/blog.inofinstitut.com\/ca\/wp-json\/wp\/v2\/media?parent=1702"}],"curies":[{"name":"wp","href":"https:\/\/api.w.org\/{rel}","templated":true}]}}